{"id":633,"date":"2024-03-28T15:38:38","date_gmt":"2024-03-28T14:38:38","guid":{"rendered":"https:\/\/www.laparolavera.com\/?page_id=633"},"modified":"2025-04-03T05:54:08","modified_gmt":"2025-04-03T04:54:08","slug":"coworking-uffici","status":"publish","type":"page","link":"https:\/\/www.laparolavera.com\/en\/coworking-uffici\/","title":{"rendered":"Coworking"},"content":{"rendered":"<div data-elementor-type=\"wp-page\" data-elementor-id=\"633\" class=\"elementor elementor-633\">\n\t\t\t\t\t\t<section class=\"elementor-section elementor-top-section elementor-element elementor-element-c6c9b16 elementor-section-boxed elementor-section-height-default elementor-section-height-default\" data-id=\"c6c9b16\" data-element_type=\"section\">\n\t\t\t\t\t\t<div class=\"elementor-container elementor-column-gap-default\">\n\t\t\t\t\t<div class=\"elementor-column elementor-col-100 elementor-top-column elementor-element elementor-element-5c51bea\" data-id=\"5c51bea\" data-element_type=\"column\">\n\t\t\t<div class=\"elementor-widget-wrap elementor-element-populated\">\n\t\t\t\t\t\t<div class=\"elementor-element elementor-element-90d6541 elementor-widget elementor-widget-image\" data-id=\"90d6541\" data-element_type=\"widget\" data-widget_type=\"image.default\">\n\t\t\t\t<div class=\"elementor-widget-container\">\n\t\t\t\t\t\t\t\t\t\t\t\t\t<img decoding=\"async\" src=\"https:\/\/www.laparolavera.com\/wp-content\/uploads\/elementor\/thumbs\/office-space-1744803_1920-1-edited-qlvnsjp43qct9fzcf8ywtaol2ke4y6qq36w0kl01bs.jpg\" title=\"office-space-1744803_1920-1\" alt=\"office-space-1744803_1920-1\" loading=\"lazy\" \/>\t\t\t\t\t\t\t\t\t\t\t\t\t<\/div>\n\t\t\t\t<\/div>\n\t\t\t\t<div class=\"elementor-element elementor-element-2a56b1e elementor-widget elementor-widget-heading\" data-id=\"2a56b1e\" data-element_type=\"widget\" data-widget_type=\"heading.default\">\n\t\t\t\t<div class=\"elementor-widget-container\">\n\t\t\t<h2 class=\"elementor-heading-title elementor-size-default\">COWORKING \/ CONFERENCE HALL<\/h2>\t\t<\/div>\n\t\t\t\t<\/div>\n\t\t\t\t\t<\/div>\n\t\t<\/div>\n\t\t\t\t\t<\/div>\n\t\t<\/section>\n\t\t\t\t<section class=\"elementor-section elementor-top-section elementor-element elementor-element-b2d6f83 elementor-section-boxed elementor-section-height-default elementor-section-height-default\" data-id=\"b2d6f83\" data-element_type=\"section\">\n\t\t\t\t\t\t<div class=\"elementor-container elementor-column-gap-default\">\n\t\t\t\t\t<div class=\"elementor-column elementor-col-100 elementor-top-column elementor-element elementor-element-33e0e15\" data-id=\"33e0e15\" data-element_type=\"column\">\n\t\t\t<div class=\"elementor-widget-wrap elementor-element-populated\">\n\t\t\t\t\t\t<div class=\"elementor-element elementor-element-aabe0f7 elementor-widget elementor-widget-text-editor\" data-id=\"aabe0f7\" data-element_type=\"widget\" data-widget_type=\"text-editor.default\">\n\t\t\t\t<div class=\"elementor-widget-container\">\n\t\t\t\t\t\t\t<div class=\"x_elementToProof\">Nella sede di &#8220;LA PAROLA VERA A.P.S.&#8221; di via Roma 46 &#8211; San Vittore Olona (MI), vicino Legnano (MI), ci sono diversi uffici e una sala conferenze disponibili in affitto in modalit\u00e0 coworking. Cosa significa &#8220;coworking&#8221;? Affitti disponibili a ore, mese o anno; quote mensili comprensive di bollette e TARI; le pulizie degli spazi comuni incluse; caff\u00e8 e acqua sempre disponibili e stampante pronta all&#8217;uso. Tutto ci\u00f2 che dovrai fare \u00e8 preoccuparti di venire a lavorare senza pesanti investimenti e senza troppe preoccupazioni per il futuro, perch\u00e9 a noi basta un solo mese di preavviso in caso tu volessi lasciare l&#8217;ufficio! Inoltre, abbiamo anche una cantina di circa 100 m2 che affittiamo con contratto transitorio fino a un anno.<\/div><div class=\"x_elementToProof\">\u00a0<\/div><div class=\"x_elementToProof\">Why dove a charity make business? To support ourselves. We do not have external sponsors, we are only a few people, but we believe that we can do something good for our community. The income of the rentals will be used totally to support our association and bring forward our projects.<\/div><div class=\"x_elementToProof\">\u00a0<\/div><div class=\"x_elementToProof\">Our offices:<\/div>\t\t\t\t\t\t<\/div>\n\t\t\t\t<\/div>\n\t\t\t\t\t<\/div>\n\t\t<\/div>\n\t\t\t\t\t<\/div>\n\t\t<\/section>\n\t\t\t\t<section class=\"elementor-section elementor-top-section elementor-element elementor-element-81a5a79 elementor-section-boxed elementor-section-height-default elementor-section-height-default\" data-id=\"81a5a79\" data-element_type=\"section\">\n\t\t\t\t\t\t<div class=\"elementor-container elementor-column-gap-default\">\n\t\t\t\t\t<div class=\"elementor-column elementor-col-50 elementor-top-column elementor-element elementor-element-eee617e\" data-id=\"eee617e\" data-element_type=\"column\">\n\t\t\t<div class=\"elementor-widget-wrap elementor-element-populated\">\n\t\t\t\t\t\t<div class=\"elementor-element elementor-element-e5bc7e5 elementor-widget__width-initial elementor-widget elementor-widget-text-editor\" data-id=\"e5bc7e5\" data-element_type=\"widget\" data-widget_type=\"text-editor.default\">\n\t\t\t\t<div class=\"elementor-widget-container\">\n\t\t\t\t\t\t\t<div><span style=\"font-size: 21px; color: var( --e-global-color-text );\">UFFICIO MAXI (40 m2)<\/span><\/div><div style=\"font-size: 21px;\"><div style=\"font-size: 21px;\">Multiple postazioni. La disposizione dei tavoli pu\u00f2 essere personalizzata. Ogni postazione ha una sedia e una scrivania. Ci sono diversi armadietti a disposizione. Questo ufficio ha un suo ingresso privato dalla via Mameli e una sua vetrina. \u00c8 l&#8217;ideale anche per un negozio. \u00c8 presente un climatizzatore con pompa di calore.\u00a0<span style=\"font-size: 21px; color: var( --e-global-color-text );\">Possibilit\u00e0 di contratti da un mese a un anno, rinnovabili.<\/span><\/div><\/div>\t\t\t\t\t\t<\/div>\n\t\t\t\t<\/div>\n\t\t\t\t\t<\/div>\n\t\t<\/div>\n\t\t\t\t<div class=\"elementor-column elementor-col-50 elementor-top-column elementor-element elementor-element-b0073b3\" data-id=\"b0073b3\" data-element_type=\"column\">\n\t\t\t<div class=\"elementor-widget-wrap elementor-element-populated\">\n\t\t\t\t\t\t<div class=\"elementor-element elementor-element-5486f51 elementor-widget__width-initial elementor-widget elementor-widget-image\" data-id=\"5486f51\" data-element_type=\"widget\" data-widget_type=\"image.default\">\n\t\t\t\t<div class=\"elementor-widget-container\">\n\t\t\t\t\t\t\t\t\t\t\t\t\t<img fetchpriority=\"high\" decoding=\"async\" width=\"768\" height=\"507\" src=\"https:\/\/www.laparolavera.com\/wp-content\/uploads\/2025\/04\/IMG20250305181656-768x507.jpg\" class=\"attachment-medium_large size-medium_large wp-image-707\" alt=\"\" srcset=\"https:\/\/www.laparolavera.com\/wp-content\/uploads\/2025\/04\/IMG20250305181656-768x507.jpg 768w, https:\/\/www.laparolavera.com\/wp-content\/uploads\/2025\/04\/IMG20250305181656-300x198.jpg 300w, https:\/\/www.laparolavera.com\/wp-content\/uploads\/2025\/04\/IMG20250305181656-1024x676.jpg 1024w, https:\/\/www.laparolavera.com\/wp-content\/uploads\/2025\/04\/IMG20250305181656-1536x1015.jpg 1536w, https:\/\/www.laparolavera.com\/wp-content\/uploads\/2025\/04\/IMG20250305181656-2048x1353.jpg 2048w, https:\/\/www.laparolavera.com\/wp-content\/uploads\/2025\/04\/IMG20250305181656-18x12.jpg 18w\" sizes=\"(max-width: 768px) 100vw, 768px\" \/>\t\t\t\t\t\t\t\t\t\t\t\t\t<\/div>\n\t\t\t\t<\/div>\n\t\t\t\t\t<\/div>\n\t\t<\/div>\n\t\t\t\t\t<\/div>\n\t\t<\/section>\n\t\t\t\t<section class=\"elementor-section elementor-top-section elementor-element elementor-element-caea807 elementor-section-boxed elementor-section-height-default elementor-section-height-default\" data-id=\"caea807\" data-element_type=\"section\">\n\t\t\t\t\t\t<div class=\"elementor-container elementor-column-gap-default\">\n\t\t\t\t\t<div class=\"elementor-column elementor-col-100 elementor-top-column elementor-element elementor-element-a3527eb\" data-id=\"a3527eb\" data-element_type=\"column\">\n\t\t\t<div class=\"elementor-widget-wrap elementor-element-populated\">\n\t\t\t\t\t\t<div class=\"elementor-element elementor-element-4695765 elementor-widget-divider--view-line elementor-widget elementor-widget-divider\" data-id=\"4695765\" data-element_type=\"widget\" data-widget_type=\"divider.default\">\n\t\t\t\t<div class=\"elementor-widget-container\">\n\t\t\t\t\t<div class=\"elementor-divider\">\n\t\t\t<span class=\"elementor-divider-separator\">\n\t\t\t\t\t\t<\/span>\n\t\t<\/div>\n\t\t\t\t<\/div>\n\t\t\t\t<\/div>\n\t\t\t\t\t<\/div>\n\t\t<\/div>\n\t\t\t\t\t<\/div>\n\t\t<\/section>\n\t\t\t\t<section class=\"elementor-section elementor-top-section elementor-element elementor-element-5107a62 elementor-section-boxed elementor-section-height-default elementor-section-height-default\" data-id=\"5107a62\" data-element_type=\"section\">\n\t\t\t\t\t\t<div class=\"elementor-container elementor-column-gap-default\">\n\t\t\t\t\t<div class=\"elementor-column elementor-col-50 elementor-top-column elementor-element elementor-element-3841c60\" data-id=\"3841c60\" data-element_type=\"column\">\n\t\t\t<div class=\"elementor-widget-wrap elementor-element-populated\">\n\t\t\t\t\t\t<div class=\"elementor-element elementor-element-4178267 elementor-widget__width-initial elementor-widget elementor-widget-image\" data-id=\"4178267\" data-element_type=\"widget\" data-widget_type=\"image.default\">\n\t\t\t\t<div class=\"elementor-widget-container\">\n\t\t\t\t\t\t\t\t\t\t\t\t\t<img decoding=\"async\" width=\"768\" height=\"576\" src=\"https:\/\/www.laparolavera.com\/wp-content\/uploads\/2024\/03\/IMG20240107121949-768x576.jpg\" class=\"attachment-medium_large size-medium_large wp-image-638\" alt=\"\" srcset=\"https:\/\/www.laparolavera.com\/wp-content\/uploads\/2024\/03\/IMG20240107121949-768x576.jpg 768w, https:\/\/www.laparolavera.com\/wp-content\/uploads\/2024\/03\/IMG20240107121949-300x225.jpg 300w, https:\/\/www.laparolavera.com\/wp-content\/uploads\/2024\/03\/IMG20240107121949-1024x768.jpg 1024w, https:\/\/www.laparolavera.com\/wp-content\/uploads\/2024\/03\/IMG20240107121949-1536x1152.jpg 1536w, https:\/\/www.laparolavera.com\/wp-content\/uploads\/2024\/03\/IMG20240107121949-2048x1536.jpg 2048w, https:\/\/www.laparolavera.com\/wp-content\/uploads\/2024\/03\/IMG20240107121949-16x12.jpg 16w\" sizes=\"(max-width: 768px) 100vw, 768px\" \/>\t\t\t\t\t\t\t\t\t\t\t\t\t<\/div>\n\t\t\t\t<\/div>\n\t\t\t\t<div class=\"elementor-element elementor-element-5f26706 elementor-widget__width-initial elementor-widget elementor-widget-text-editor\" data-id=\"5f26706\" data-element_type=\"widget\" data-widget_type=\"text-editor.default\">\n\t\t\t\t<div class=\"elementor-widget-container\">\n\t\t\t\t\t\t\t\t\t\t\t\t\t<\/div>\n\t\t\t\t<\/div>\n\t\t\t\t\t<\/div>\n\t\t<\/div>\n\t\t\t\t<div class=\"elementor-column elementor-col-50 elementor-top-column elementor-element elementor-element-258b3e8\" data-id=\"258b3e8\" data-element_type=\"column\">\n\t\t\t<div class=\"elementor-widget-wrap elementor-element-populated\">\n\t\t\t\t\t\t<div class=\"elementor-element elementor-element-00165d3 elementor-widget elementor-widget-text-editor\" data-id=\"00165d3\" data-element_type=\"widget\" data-widget_type=\"text-editor.default\">\n\t\t\t\t<div class=\"elementor-widget-container\">\n\t\t\t\t\t\t\t<div style=\"font-variant-ligatures: normal; font-variant-caps: normal; font-family: Lora, sans-serif; font-size: 21px; font-style: normal; font-weight: 400;\"><span style=\"font-size: 21px; color: var( --e-global-color-text );\">BIG OFFICE (28 m2)<\/span><\/div><div style=\"font-variant-ligatures: normal; font-variant-caps: normal; font-family: Lora, sans-serif; font-size: 21px; font-style: normal; font-weight: 400;\"><div style=\"font-size: 21px;\">Fino a 4 postazioni. La disposizione dei tavoli pu\u00f2 essere personalizzata. Ogni postazione ha una sedia, una scrivania e un armadio\u00a0a disposizione. Questo ufficio ha un ingresso privato dal retro. \u00c8 presente un radiatore a gas programmabile oltre ad un climatizzatore con pompa di calore.\u00a0<\/div><div style=\"font-size: 21px;\">Possibilit\u00e0 di contratti da un mese a un anno, rinnovabili.\u00a0<\/div><\/div>\t\t\t\t\t\t<\/div>\n\t\t\t\t<\/div>\n\t\t\t\t\t<\/div>\n\t\t<\/div>\n\t\t\t\t\t<\/div>\n\t\t<\/section>\n\t\t\t\t<section class=\"elementor-section elementor-top-section elementor-element elementor-element-84ca18e elementor-section-boxed elementor-section-height-default elementor-section-height-default\" data-id=\"84ca18e\" data-element_type=\"section\">\n\t\t\t\t\t\t<div class=\"elementor-container elementor-column-gap-default\">\n\t\t\t\t\t<div class=\"elementor-column elementor-col-100 elementor-top-column elementor-element elementor-element-4c9cc9b\" data-id=\"4c9cc9b\" data-element_type=\"column\">\n\t\t\t<div class=\"elementor-widget-wrap elementor-element-populated\">\n\t\t\t\t\t\t<div class=\"elementor-element elementor-element-0e6d5a4 elementor-widget-divider--view-line elementor-widget elementor-widget-divider\" data-id=\"0e6d5a4\" data-element_type=\"widget\" data-widget_type=\"divider.default\">\n\t\t\t\t<div class=\"elementor-widget-container\">\n\t\t\t\t\t<div class=\"elementor-divider\">\n\t\t\t<span class=\"elementor-divider-separator\">\n\t\t\t\t\t\t<\/span>\n\t\t<\/div>\n\t\t\t\t<\/div>\n\t\t\t\t<\/div>\n\t\t\t\t\t<\/div>\n\t\t<\/div>\n\t\t\t\t\t<\/div>\n\t\t<\/section>\n\t\t\t\t<section class=\"elementor-section elementor-top-section elementor-element elementor-element-854150f elementor-section-boxed elementor-section-height-default elementor-section-height-default\" data-id=\"854150f\" data-element_type=\"section\">\n\t\t\t\t\t\t<div class=\"elementor-container elementor-column-gap-default\">\n\t\t\t\t\t<div class=\"elementor-column elementor-col-100 elementor-top-column elementor-element elementor-element-b7b866e\" data-id=\"b7b866e\" data-element_type=\"column\">\n\t\t\t<div class=\"elementor-widget-wrap elementor-element-populated\">\n\t\t\t\t\t\t<div class=\"elementor-element elementor-element-f3ab347 elementor-widget elementor-widget-text-editor\" data-id=\"f3ab347\" data-element_type=\"widget\" data-widget_type=\"text-editor.default\">\n\t\t\t\t<div class=\"elementor-widget-container\">\n\t\t\t\t\t\t\t<div style=\"font-size: 21px;\">SMALL OFFICE (18 m2)<\/div><div style=\"font-size: 21px;\"><div style=\"font-size: 21px;\">Fino a 2 postazioni. Dalle foto vedete l&#8217;opzione con una scrivania o l&#8217;opzione con due. Ogni postazione ha a disposizione una sedia e una <span style=\"font-family: Lora, sans-serif; font-size: 21px; font-style: normal; font-variant-ligatures: normal; font-variant-caps: normal; font-weight: 400; color: var( --e-global-color-text );\">scrivania ma, nel caso della postazione singola. Sempre disponibile almeno un armadio per postazione. Questo ufficio ha una bella vetrina che guarda su via Roma. \u00c8 presente un climatizzatore con pompa di calore programmabile oltre ad un radiatore a gas. Possibilit\u00e0 di contratti da un mese a un anno, rinnovabili.<\/span><\/div><\/div>\t\t\t\t\t\t<\/div>\n\t\t\t\t<\/div>\n\t\t\t\t\t<\/div>\n\t\t<\/div>\n\t\t\t\t\t<\/div>\n\t\t<\/section>\n\t\t\t\t<section class=\"elementor-section elementor-top-section elementor-element elementor-element-348bc5c elementor-section-boxed elementor-section-height-default elementor-section-height-default\" data-id=\"348bc5c\" data-element_type=\"section\">\n\t\t\t\t\t\t<div class=\"elementor-container elementor-column-gap-default\">\n\t\t\t\t\t<div class=\"elementor-column elementor-col-50 elementor-top-column elementor-element elementor-element-d10e158\" data-id=\"d10e158\" data-element_type=\"column\">\n\t\t\t<div class=\"elementor-widget-wrap elementor-element-populated\">\n\t\t\t\t\t\t<div class=\"elementor-element elementor-element-425cdab elementor-widget elementor-widget-image\" data-id=\"425cdab\" data-element_type=\"widget\" data-widget_type=\"image.default\">\n\t\t\t\t<div class=\"elementor-widget-container\">\n\t\t\t\t\t\t\t\t\t\t\t\t\t<img decoding=\"async\" width=\"1024\" height=\"768\" src=\"https:\/\/www.laparolavera.com\/wp-content\/uploads\/2024\/03\/IMG20240127123216-1024x768.jpg\" class=\"attachment-large size-large wp-image-640\" alt=\"\" srcset=\"https:\/\/www.laparolavera.com\/wp-content\/uploads\/2024\/03\/IMG20240127123216-1024x768.jpg 1024w, https:\/\/www.laparolavera.com\/wp-content\/uploads\/2024\/03\/IMG20240127123216-300x225.jpg 300w, https:\/\/www.laparolavera.com\/wp-content\/uploads\/2024\/03\/IMG20240127123216-768x576.jpg 768w, https:\/\/www.laparolavera.com\/wp-content\/uploads\/2024\/03\/IMG20240127123216-1536x1152.jpg 1536w, https:\/\/www.laparolavera.com\/wp-content\/uploads\/2024\/03\/IMG20240127123216-2048x1536.jpg 2048w, https:\/\/www.laparolavera.com\/wp-content\/uploads\/2024\/03\/IMG20240127123216-16x12.jpg 16w\" sizes=\"(max-width: 1024px) 100vw, 1024px\" \/>\t\t\t\t\t\t\t\t\t\t\t\t\t<\/div>\n\t\t\t\t<\/div>\n\t\t\t\t\t<\/div>\n\t\t<\/div>\n\t\t\t\t<div class=\"elementor-column elementor-col-50 elementor-top-column elementor-element elementor-element-e2072f3\" data-id=\"e2072f3\" data-element_type=\"column\">\n\t\t\t<div class=\"elementor-widget-wrap elementor-element-populated\">\n\t\t\t\t\t\t<div class=\"elementor-element elementor-element-5996ccf elementor-widget elementor-widget-image\" data-id=\"5996ccf\" data-element_type=\"widget\" data-widget_type=\"image.default\">\n\t\t\t\t<div class=\"elementor-widget-container\">\n\t\t\t\t\t\t\t\t\t\t\t\t\t<img loading=\"lazy\" decoding=\"async\" width=\"1024\" height=\"768\" src=\"https:\/\/www.laparolavera.com\/wp-content\/uploads\/2024\/03\/IMG20231213214849-1024x768.jpg\" class=\"attachment-large size-large wp-image-639\" alt=\"\" srcset=\"https:\/\/www.laparolavera.com\/wp-content\/uploads\/2024\/03\/IMG20231213214849-1024x768.jpg 1024w, https:\/\/www.laparolavera.com\/wp-content\/uploads\/2024\/03\/IMG20231213214849-300x225.jpg 300w, https:\/\/www.laparolavera.com\/wp-content\/uploads\/2024\/03\/IMG20231213214849-768x576.jpg 768w, https:\/\/www.laparolavera.com\/wp-content\/uploads\/2024\/03\/IMG20231213214849-1536x1152.jpg 1536w, https:\/\/www.laparolavera.com\/wp-content\/uploads\/2024\/03\/IMG20231213214849-2048x1536.jpg 2048w, https:\/\/www.laparolavera.com\/wp-content\/uploads\/2024\/03\/IMG20231213214849-16x12.jpg 16w\" sizes=\"(max-width: 1024px) 100vw, 1024px\" \/>\t\t\t\t\t\t\t\t\t\t\t\t\t<\/div>\n\t\t\t\t<\/div>\n\t\t\t\t\t<\/div>\n\t\t<\/div>\n\t\t\t\t\t<\/div>\n\t\t<\/section>\n\t\t\t\t<section class=\"elementor-section elementor-top-section elementor-element elementor-element-771d873 elementor-section-boxed elementor-section-height-default elementor-section-height-default\" data-id=\"771d873\" data-element_type=\"section\">\n\t\t\t\t\t\t<div class=\"elementor-container elementor-column-gap-default\">\n\t\t\t\t\t<div class=\"elementor-column elementor-col-100 elementor-top-column elementor-element elementor-element-3e6b0bf\" data-id=\"3e6b0bf\" data-element_type=\"column\">\n\t\t\t<div class=\"elementor-widget-wrap elementor-element-populated\">\n\t\t\t\t\t\t<div class=\"elementor-element elementor-element-4b1b1d0 elementor-widget elementor-widget-text-editor\" data-id=\"4b1b1d0\" data-element_type=\"widget\" data-widget_type=\"text-editor.default\">\n\t\t\t\t<div class=\"elementor-widget-container\">\n\t\t\t\t\t\t\t\t\t\t\t\t\t<\/div>\n\t\t\t\t<\/div>\n\t\t\t\t\t<\/div>\n\t\t<\/div>\n\t\t\t\t\t<\/div>\n\t\t<\/section>\n\t\t\t\t<section class=\"elementor-section elementor-top-section elementor-element elementor-element-67a7dd9 elementor-section-boxed elementor-section-height-default elementor-section-height-default\" data-id=\"67a7dd9\" data-element_type=\"section\">\n\t\t\t\t\t\t<div class=\"elementor-container elementor-column-gap-default\">\n\t\t\t\t\t<div class=\"elementor-column elementor-col-100 elementor-top-column elementor-element elementor-element-81077e8\" data-id=\"81077e8\" data-element_type=\"column\">\n\t\t\t<div class=\"elementor-widget-wrap elementor-element-populated\">\n\t\t\t\t\t\t<div class=\"elementor-element elementor-element-813b4dd elementor-widget-divider--view-line elementor-widget elementor-widget-divider\" data-id=\"813b4dd\" data-element_type=\"widget\" data-widget_type=\"divider.default\">\n\t\t\t\t<div class=\"elementor-widget-container\">\n\t\t\t\t\t<div class=\"elementor-divider\">\n\t\t\t<span class=\"elementor-divider-separator\">\n\t\t\t\t\t\t<\/span>\n\t\t<\/div>\n\t\t\t\t<\/div>\n\t\t\t\t<\/div>\n\t\t\t\t\t<\/div>\n\t\t<\/div>\n\t\t\t\t\t<\/div>\n\t\t<\/section>\n\t\t\t\t<section class=\"elementor-section elementor-top-section elementor-element elementor-element-fc7d4ad elementor-section-boxed elementor-section-height-default elementor-section-height-default\" data-id=\"fc7d4ad\" data-element_type=\"section\">\n\t\t\t\t\t\t<div class=\"elementor-container elementor-column-gap-default\">\n\t\t\t\t\t<div class=\"elementor-column elementor-col-33 elementor-top-column elementor-element elementor-element-406e3f9\" data-id=\"406e3f9\" data-element_type=\"column\">\n\t\t\t<div class=\"elementor-widget-wrap elementor-element-populated\">\n\t\t\t\t\t\t<div class=\"elementor-element elementor-element-a9e2fb4 elementor-widget elementor-widget-text-editor\" data-id=\"a9e2fb4\" data-element_type=\"widget\" data-widget_type=\"text-editor.default\">\n\t\t\t\t<div class=\"elementor-widget-container\">\n\t\t\t\t\t\t\t<div><span style=\"font-family: Lora, sans-serif; font-size: 21px; font-style: normal; font-variant-ligatures: normal; font-variant-caps: normal; font-weight: 400; color: var( --e-global-color-text );\">UFFICIO MINI (8 m2)<\/span><\/div><div><span style=\"font-family: Lora, sans-serif; font-size: 21px; font-style: normal; font-variant-ligatures: normal; font-variant-caps: normal; font-weight: 400; color: var( --e-global-color-text );\">Questo ufficio lo affittiamo a ore, per mezza giornata o a giornata. Devi incontrare un cliente? Fare un colloquio di lavoro o avere uno spazio tranquillo per una videochiamata? Questo ufficio potrebbe fare al caso tuo.<\/span><span style=\"font-size: 21px; color: var( --e-global-color-text );\">\u00a0<\/span><span style=\"font-family: Lora, sans-serif; font-size: 21px; font-style: normal; font-variant-ligatures: normal; font-variant-caps: normal; font-weight: 400; color: var( --e-global-color-text );\">\u00c8 presente un climatizzatore con pompa di calore.<\/span><\/div>\t\t\t\t\t\t<\/div>\n\t\t\t\t<\/div>\n\t\t\t\t\t<\/div>\n\t\t<\/div>\n\t\t\t\t<div class=\"elementor-column elementor-col-33 elementor-top-column elementor-element elementor-element-d784fff\" data-id=\"d784fff\" data-element_type=\"column\">\n\t\t\t<div class=\"elementor-widget-wrap\">\n\t\t\t\t\t\t\t<\/div>\n\t\t<\/div>\n\t\t\t\t<div class=\"elementor-column elementor-col-33 elementor-top-column elementor-element elementor-element-1a093ed\" data-id=\"1a093ed\" data-element_type=\"column\">\n\t\t\t<div class=\"elementor-widget-wrap elementor-element-populated\">\n\t\t\t\t\t\t<div class=\"elementor-element elementor-element-72d3dee elementor-widget elementor-widget-image\" data-id=\"72d3dee\" data-element_type=\"widget\" data-widget_type=\"image.default\">\n\t\t\t\t<div class=\"elementor-widget-container\">\n\t\t\t\t\t\t\t\t\t\t\t\t\t<img loading=\"lazy\" decoding=\"async\" width=\"300\" height=\"300\" src=\"https:\/\/www.laparolavera.com\/wp-content\/uploads\/2025\/04\/IMG_20250306_172740-300x300.jpg\" class=\"attachment-medium size-medium wp-image-708\" alt=\"\" srcset=\"https:\/\/www.laparolavera.com\/wp-content\/uploads\/2025\/04\/IMG_20250306_172740-300x300.jpg 300w, https:\/\/www.laparolavera.com\/wp-content\/uploads\/2025\/04\/IMG_20250306_172740-1024x1024.jpg 1024w, https:\/\/www.laparolavera.com\/wp-content\/uploads\/2025\/04\/IMG_20250306_172740-150x150.jpg 150w, https:\/\/www.laparolavera.com\/wp-content\/uploads\/2025\/04\/IMG_20250306_172740-768x768.jpg 768w, https:\/\/www.laparolavera.com\/wp-content\/uploads\/2025\/04\/IMG_20250306_172740-12x12.jpg 12w, https:\/\/www.laparolavera.com\/wp-content\/uploads\/2025\/04\/IMG_20250306_172740-600x600.jpg 600w, https:\/\/www.laparolavera.com\/wp-content\/uploads\/2025\/04\/IMG_20250306_172740.jpg 1080w\" sizes=\"(max-width: 300px) 100vw, 300px\" \/>\t\t\t\t\t\t\t\t\t\t\t\t\t<\/div>\n\t\t\t\t<\/div>\n\t\t\t\t\t<\/div>\n\t\t<\/div>\n\t\t\t\t\t<\/div>\n\t\t<\/section>\n\t\t\t\t<section class=\"elementor-section elementor-top-section elementor-element elementor-element-8e36a99 elementor-section-boxed elementor-section-height-default elementor-section-height-default\" data-id=\"8e36a99\" data-element_type=\"section\">\n\t\t\t\t\t\t<div class=\"elementor-container elementor-column-gap-default\">\n\t\t\t\t\t<div class=\"elementor-column elementor-col-100 elementor-top-column elementor-element elementor-element-bff571e\" data-id=\"bff571e\" data-element_type=\"column\">\n\t\t\t<div class=\"elementor-widget-wrap elementor-element-populated\">\n\t\t\t\t\t\t<div class=\"elementor-element elementor-element-c42bc75 elementor-widget-divider--view-line elementor-widget elementor-widget-divider\" data-id=\"c42bc75\" data-element_type=\"widget\" data-widget_type=\"divider.default\">\n\t\t\t\t<div class=\"elementor-widget-container\">\n\t\t\t\t\t<div class=\"elementor-divider\">\n\t\t\t<span class=\"elementor-divider-separator\">\n\t\t\t\t\t\t<\/span>\n\t\t<\/div>\n\t\t\t\t<\/div>\n\t\t\t\t<\/div>\n\t\t\t\t\t<\/div>\n\t\t<\/div>\n\t\t\t\t\t<\/div>\n\t\t<\/section>\n\t\t\t\t<section class=\"elementor-section elementor-top-section elementor-element elementor-element-e1e5169 elementor-section-boxed elementor-section-height-default elementor-section-height-default\" data-id=\"e1e5169\" data-element_type=\"section\">\n\t\t\t\t\t\t<div class=\"elementor-container elementor-column-gap-default\">\n\t\t\t\t\t<div class=\"elementor-column elementor-col-33 elementor-top-column elementor-element elementor-element-5111fe3\" data-id=\"5111fe3\" data-element_type=\"column\">\n\t\t\t<div class=\"elementor-widget-wrap elementor-element-populated\">\n\t\t\t\t\t\t<div class=\"elementor-element elementor-element-2e0332a elementor-widget elementor-widget-image\" data-id=\"2e0332a\" data-element_type=\"widget\" data-widget_type=\"image.default\">\n\t\t\t\t<div class=\"elementor-widget-container\">\n\t\t\t\t\t\t\t\t\t\t\t\t\t<img loading=\"lazy\" decoding=\"async\" width=\"1024\" height=\"771\" src=\"https:\/\/www.laparolavera.com\/wp-content\/uploads\/2025\/04\/IMG20250223192727-1024x771.jpg\" class=\"attachment-large size-large wp-image-706\" alt=\"\" srcset=\"https:\/\/www.laparolavera.com\/wp-content\/uploads\/2025\/04\/IMG20250223192727-1024x771.jpg 1024w, https:\/\/www.laparolavera.com\/wp-content\/uploads\/2025\/04\/IMG20250223192727-300x226.jpg 300w, https:\/\/www.laparolavera.com\/wp-content\/uploads\/2025\/04\/IMG20250223192727-768x578.jpg 768w, https:\/\/www.laparolavera.com\/wp-content\/uploads\/2025\/04\/IMG20250223192727-1536x1157.jpg 1536w, https:\/\/www.laparolavera.com\/wp-content\/uploads\/2025\/04\/IMG20250223192727-16x12.jpg 16w, https:\/\/www.laparolavera.com\/wp-content\/uploads\/2025\/04\/IMG20250223192727.jpg 2040w\" sizes=\"(max-width: 1024px) 100vw, 1024px\" \/>\t\t\t\t\t\t\t\t\t\t\t\t\t<\/div>\n\t\t\t\t<\/div>\n\t\t\t\t\t<\/div>\n\t\t<\/div>\n\t\t\t\t<div class=\"elementor-column elementor-col-33 elementor-top-column elementor-element elementor-element-e35fd9e\" data-id=\"e35fd9e\" data-element_type=\"column\">\n\t\t\t<div class=\"elementor-widget-wrap\">\n\t\t\t\t\t\t\t<\/div>\n\t\t<\/div>\n\t\t\t\t<div class=\"elementor-column elementor-col-33 elementor-top-column elementor-element elementor-element-937aa86\" data-id=\"937aa86\" data-element_type=\"column\">\n\t\t\t<div class=\"elementor-widget-wrap elementor-element-populated\">\n\t\t\t\t\t\t<div class=\"elementor-element elementor-element-66e89d8 elementor-widget elementor-widget-text-editor\" data-id=\"66e89d8\" data-element_type=\"widget\" data-widget_type=\"text-editor.default\">\n\t\t\t\t<div class=\"elementor-widget-container\">\n\t\t\t\t\t\t\t<div style=\"font-variant-ligatures: normal; font-variant-caps: normal; font-family: Lora, sans-serif; font-size: 21px; font-style: normal; font-weight: 400; text-align: justify;\">SALA CONFERENZE (50 m2)<\/div><div style=\"font-variant-ligatures: normal; font-variant-caps: normal; font-family: Lora, sans-serif; font-size: 21px; font-style: normal; font-weight: 400; text-align: justify;\"><div class=\"x_elementToProof\" style=\"font-size: 21px;\">Fino a 40 sedie. Ideale per riunioni condominiali, presentazioni libri, compleanni, cene, feste, o per laboratori e attivit\u00e0 di altre associazioni, etc. La sala \u00e8 versatile, abbiamo anche un frigo con freezer, un fornetto elettrico, un microonde e dei tavoli disponibili al bisogno. La sala pu\u00f2 essere affittata ad ore o a pacchetto evento.<\/div><\/div>\t\t\t\t\t\t<\/div>\n\t\t\t\t<\/div>\n\t\t\t\t\t<\/div>\n\t\t<\/div>\n\t\t\t\t\t<\/div>\n\t\t<\/section>\n\t\t\t\t<section class=\"elementor-section elementor-top-section elementor-element elementor-element-13c7df2 elementor-section-boxed elementor-section-height-default elementor-section-height-default\" data-id=\"13c7df2\" data-element_type=\"section\">\n\t\t\t\t\t\t<div class=\"elementor-container elementor-column-gap-default\">\n\t\t\t\t\t<div class=\"elementor-column elementor-col-100 elementor-top-column elementor-element elementor-element-ebc7d61\" data-id=\"ebc7d61\" data-element_type=\"column\">\n\t\t\t<div class=\"elementor-widget-wrap elementor-element-populated\">\n\t\t\t\t\t\t<div class=\"elementor-element elementor-element-f4004d5 elementor-widget elementor-widget-text-editor\" data-id=\"f4004d5\" data-element_type=\"widget\" data-widget_type=\"text-editor.default\">\n\t\t\t\t<div class=\"elementor-widget-container\">\n\t\t\t\t\t\t\t<p><strong>Contact us at info@laparolavera.com and we will be happy to give you further information <\/strong><strong>or to make a proper quotation.<\/strong><\/p>\t\t\t\t\t\t<\/div>\n\t\t\t\t<\/div>\n\t\t\t\t\t<\/div>\n\t\t<\/div>\n\t\t\t\t\t<\/div>\n\t\t<\/section>\n\t\t\t\t<section class=\"elementor-section elementor-top-section elementor-element elementor-element-ff6b734 elementor-section-boxed elementor-section-height-default elementor-section-height-default\" data-id=\"ff6b734\" data-element_type=\"section\">\n\t\t\t\t\t\t<div class=\"elementor-container elementor-column-gap-default\">\n\t\t\t\t\t<div class=\"elementor-column elementor-col-100 elementor-top-column elementor-element elementor-element-000aafb\" data-id=\"000aafb\" data-element_type=\"column\">\n\t\t\t<div class=\"elementor-widget-wrap\">\n\t\t\t\t\t\t\t<\/div>\n\t\t<\/div>\n\t\t\t\t\t<\/div>\n\t\t<\/section>\n\t\t\t\t<\/div>","protected":false},"excerpt":{"rendered":"<p>COWORKING UFFICI \/ SALA CONFERENZE Nella sede di &#8220;LA PAROLA VERA A.P.S.&#8221; di via Roma 46 &#8211; San Vittore Olona (MI), vicino Legnano (MI), ci sono diversi uffici e una sala conferenze disponibili in affitto in modalit\u00e0 coworking. Cosa significa &#8220;coworking&#8221;? Affitti disponibili a ore, mese o anno; quote mensili comprensive di bollette e TARI; [&hellip;]<\/p>","protected":false},"author":1,"featured_media":634,"parent":0,"menu_order":0,"comment_status":"closed","ping_status":"closed","template":"","meta":{"ocean_post_layout":"","ocean_both_sidebars_style":"","ocean_both_sidebars_content_width":0,"ocean_both_sidebars_sidebars_width":0,"ocean_sidebar":"","ocean_second_sidebar":"","ocean_disable_margins":"enable","ocean_add_body_class":"","ocean_shortcode_before_top_bar":"","ocean_shortcode_after_top_bar":"","ocean_shortcode_before_header":"","ocean_shortcode_after_header":"","ocean_has_shortcode":"","ocean_shortcode_after_title":"","ocean_shortcode_before_footer_widgets":"","ocean_shortcode_after_footer_widgets":"","ocean_shortcode_before_footer_bottom":"","ocean_shortcode_after_footer_bottom":"","ocean_display_top_bar":"default","ocean_display_header":"default","ocean_header_style":"","ocean_center_header_left_menu":"","ocean_custom_header_template":"","ocean_custom_logo":0,"ocean_custom_retina_logo":0,"ocean_custom_logo_max_width":0,"ocean_custom_logo_tablet_max_width":0,"ocean_custom_logo_mobile_max_width":0,"ocean_custom_logo_max_height":0,"ocean_custom_logo_tablet_max_height":0,"ocean_custom_logo_mobile_max_height":0,"ocean_header_custom_menu":"","ocean_menu_typo_font_family":"","ocean_menu_typo_font_subset":"","ocean_menu_typo_font_size":0,"ocean_menu_typo_font_size_tablet":0,"ocean_menu_typo_font_size_mobile":0,"ocean_menu_typo_font_size_unit":"px","ocean_menu_typo_font_weight":"","ocean_menu_typo_font_weight_tablet":"","ocean_menu_typo_font_weight_mobile":"","ocean_menu_typo_transform":"","ocean_menu_typo_transform_tablet":"","ocean_menu_typo_transform_mobile":"","ocean_menu_typo_line_height":0,"ocean_menu_typo_line_height_tablet":0,"ocean_menu_typo_line_height_mobile":0,"ocean_menu_typo_line_height_unit":"","ocean_menu_typo_spacing":0,"ocean_menu_typo_spacing_tablet":0,"ocean_menu_typo_spacing_mobile":0,"ocean_menu_typo_spacing_unit":"","ocean_menu_link_color":"","ocean_menu_link_color_hover":"","ocean_menu_link_color_active":"","ocean_menu_link_background":"","ocean_menu_link_hover_background":"","ocean_menu_link_active_background":"","ocean_menu_social_links_bg":"","ocean_menu_social_hover_links_bg":"","ocean_menu_social_links_color":"","ocean_menu_social_hover_links_color":"","ocean_disable_title":"default","ocean_disable_heading":"default","ocean_post_title":"","ocean_post_subheading":"","ocean_post_title_style":"","ocean_post_title_background_color":"","ocean_post_title_background":0,"ocean_post_title_bg_image_position":"","ocean_post_title_bg_image_attachment":"","ocean_post_title_bg_image_repeat":"","ocean_post_title_bg_image_size":"","ocean_post_title_height":0,"ocean_post_title_bg_overlay":0.5,"ocean_post_title_bg_overlay_color":"","ocean_disable_breadcrumbs":"default","ocean_breadcrumbs_color":"","ocean_breadcrumbs_separator_color":"","ocean_breadcrumbs_links_color":"","ocean_breadcrumbs_links_hover_color":"","ocean_display_footer_widgets":"default","ocean_display_footer_bottom":"default","ocean_custom_footer_template":"","jetpack_post_was_ever_published":false,"footnotes":""},"jetpack_sharing_enabled":true,"_links":{"self":[{"href":"https:\/\/www.laparolavera.com\/en\/wp-json\/wp\/v2\/pages\/633"}],"collection":[{"href":"https:\/\/www.laparolavera.com\/en\/wp-json\/wp\/v2\/pages"}],"about":[{"href":"https:\/\/www.laparolavera.com\/en\/wp-json\/wp\/v2\/types\/page"}],"author":[{"embeddable":true,"href":"https:\/\/www.laparolavera.com\/en\/wp-json\/wp\/v2\/users\/1"}],"replies":[{"embeddable":true,"href":"https:\/\/www.laparolavera.com\/en\/wp-json\/wp\/v2\/comments?post=633"}],"version-history":[{"count":55,"href":"https:\/\/www.laparolavera.com\/en\/wp-json\/wp\/v2\/pages\/633\/revisions"}],"predecessor-version":[{"id":717,"href":"https:\/\/www.laparolavera.com\/en\/wp-json\/wp\/v2\/pages\/633\/revisions\/717"}],"wp:featuredmedia":[{"embeddable":true,"href":"https:\/\/www.laparolavera.com\/en\/wp-json\/wp\/v2\/media\/634"}],"wp:attachment":[{"href":"https:\/\/www.laparolavera.com\/en\/wp-json\/wp\/v2\/media?parent=633"}],"curies":[{"name":"wp","href":"https:\/\/api.w.org\/{rel}","templated":true}]}}